{"id":14,"date":"2010-12-29T19:16:46","date_gmt":"2010-12-29T19:16:46","guid":{"rendered":"http:\/\/www.fyysika.ee\/vorgustik\/?page_id=14"},"modified":"2013-03-02T08:17:04","modified_gmt":"2013-03-02T08:17:04","slug":"lugu","status":"publish","type":"page","link":"http:\/\/www.fyysika.ee\/vorgustik\/?page_id=14","title":{"rendered":"Lugu"},"content":{"rendered":"<p>F\u00fc\u00fcsika \u00f5petajatel ei ole oma organisatsiooni. See on veidi ebatavaline, aga mitte p\u00e4ris unikaalne. On <a title=\"EFS\" href=\"http:\/\/www.fyysika.ee\/efs\/\">Eesti F\u00fc\u00fcsika Selts<\/a> ja selle \u00f5petajate osakond ning \u00fcldiselt peavad \u00f5petajad seda oma esindusorganisatsiooniks. Samas on t\u00fchine osa f\u00fc\u00fcsikat \u00f5petavatest pedagoogidest astunud seltsi liikmeks. M\u00f5nel pool on olemas \u00fcsna tegusad ainesektsioonid, aga v\u00e4ga palju oleneb siin kohalikest oludest, eestvedajate energiast ja haridusametnike suhtumisest. Ainesektsioonid ei moodusta ka mingit \u00fchtset tervikut, neil ei ole \u00fcle-eestilist l\u00e4bik\u00e4imist ega \u00fchis\u00fcritusi, r\u00e4\u00e4kimata katusorganisatsioonist. Toimuvad m\u00f5ned EFS korraldatavad \u00fcritused (<a title=\"F\u00fc\u00fcsika p\u00e4evad\" href=\"http:\/\/fyysika.ee\/fyysika\/fp\/\">f\u00fc\u00fcsika\u00f5petajate p\u00e4evad<\/a>, suvekool), mida peetakse oluliseks, aga v\u00e4ga aktiivset osalust ikkagi ei paista. Aastaid on \u00f5petajatele infot vahendanud koolif\u00fc\u00fcsika list, aga elavat suhtlemist seal m\u00e4rgata pole. Vaatamata m\u00f5\u00f5dukusele ja tagasihoidlikkusele on f\u00fc\u00fcsikud siiski v\u00f5imelised kiiresti organiseeruma ja m\u00f5ne v\u00e4ga olulise asja nimel hulga t\u00f6\u00f6d \u00e4ra tegema. Ainekavade valmimine on siin heaks n\u00e4iteks l\u00e4bi aegade. Selline oli organiseerituse tase enne seda kui k\u00f5las v\u00f5lus\u00f5na \u201ev\u00f5rgustik\u201d.<\/p>\n<p><span style=\"font-family: Arial,Helvetica,sans-serif;\"><strong>Mis on v\u00f5rgustik?<\/strong><\/span><\/p>\n<p>2009. aasta detsembris kerkis seoses v\u00f5rgustikuteemalise projektiga k\u00fcsimus, kui palju on Eestis \u00fcldse f\u00fc\u00fcsikat \u00f5petavaid inimesi, kellega on v\u00f5imalik kontakti saada ja nad kasv\u00f5i \u00fcheks korraks kokku kutsuda. Kokku tuli 103 f\u00fc\u00fcsika \u00f5petajat, mis on arvatavasti rekordiline f\u00fc\u00fcsika\u00f5petajte kogunemine. <a title=\"Voore seminar\" href=\"http:\/\/www.fyysika.ee\/koolidele\/sygisseminar2009\/\">Voore puhkekeskuses toimunud seminaril<\/a> r\u00e4\u00e4giti palju igap\u00e4evastest kooliasjadest, ainekavadest, katsetest p\u00f5hikooli ja g\u00fcmnaasiumi tundides jm. Suureks saavutuseks tuleb lugeda f\u00fc\u00fcsika\u00f5petajate andmebaasi loomist ja sellest tulenevat t\u00e4iendust koolif\u00fc\u00fcsika listile. \u00dchtlasi asutati suure etusiasmiga \u00f5petajate v\u00f5rgustikku, kuigi esialgu veel keegi ei teadnud, mis see on, milleks seda tarvitatakse ja keda v\u00f5rgutatakse. Oli v\u00e4ga l\u00f5bus ja \u00fchistegevuse vaim h\u00f5ljus kogu \u00fcrituse kohal. \u00dchelt poolt plaaniti midagi veebip\u00f5histe sotsiaalv\u00f5rgustike sarnast. <em>Orkut<\/em> oli veel k\u00f5va tegija, <em>Facebook<\/em> juba t\u00f5usuteel. Teiselt poolt m\u00f5eldi ainesektsioonide turgutamisele, \u00fchendamisele ja sellest mingi organisatsiooni kasvatamisele. Palju oleks \u00f6elda, et v\u00f5rgustikut\u00f6\u00f6 l\u00e4kski k\u00e4ima sellest p\u00e4evast, aga k\u00fcllap mingid m\u00f5tted idanema hakkasid.<\/p>\n<p style=\"text-align: right;\"><strong><em>\u201eSee, et EFS f\u00fc\u00fcsika\u00f5petajate osakond liiga v\u00e4heseid \u00f5petajaid h\u00f5lmab, on olnud jutuks juba aastaid. Selts oma populariseerimisega v\u00f5ttis suurema hoo sisse alates 2005. aastast.\u00a0 F\u00fc\u00fcsika\u00f5petajate osakond seisis sellest tormlemisest veidi eemal, takseeris toimuvat, umbusklikult. Kui REKK kuulutas v\u00e4lja oma v\u00f5rgustiku arendamise taotluste vooru, sai f\u00fc\u00fcsika\u00f5petajate osakond EFS-lt k\u00fclge teeme-\u00e4ra-nakkuse.\u201d<br \/>\nKaido Reivelt, EFS esimees<br \/>\n<\/em><\/strong><\/p>\n<p style=\"text-align: left;\">M\u00f5tlemine kestis l\u00e4bi kevade ja suve, siis moodustus j\u00e4rgmise projekti ootuses \u201ekuum grupp\u201d, kus pika kirjavahetuse ja v\u00e4heste koosolekutega j\u00f5uti v\u00f5rgustiku aktiivi moodustumiseni ja esimese seminari toimumiseni.<\/p>\n<p>Selline oli v\u00f5rgustiku seis detsembri algul 2010.<\/p>\n<p style=\"text-align: right;\"><strong><em>\u201eV\u00f5rgustik on vabatahtlikkuse alusel koondunud \u00fchiste huvide ja tegevusvaldkonnaga inimeste\/organisatsioonide kogum (\u00f5pikogukond), kus toimub eesm\u00e4rgip\u00e4rane suhtlemine ja tegevus uue teadmise (teadmus) loomiseks ning \u00fcksteise vastastikuseks rikastamiseks.<\/em><em>\u201d<\/em><\/strong><br \/>\n<strong><em> V\u00e4ljav\u00f5te v\u00f5rgustike kontseptsioonist<br \/>\nEve Eisenschmidti koolitusmaterjalide vahendusel<\/em><\/strong><\/p>\n<hr \/>\n<p><strong>Mis on v\u00f5rgustiku eesm\u00e4rk?<\/strong><\/p>\n<p>V\u00f5rgustiku aktiivi loomise ja moodustuva v\u00f5rgustiku esimese seminari korraldamise k\u00e4igus lepiti kokku, et <strong>f\u00fc\u00fcsikat \u00f5petavate \u00f5petajate v\u00f5rgustik on EFSi \u00f5petajate osakonna tugiorganisatsioon, mis tegeleb f\u00fc\u00fcsika \u00f5petamist ja \u00f5ppimist puudutavate k\u00fcsimustega<\/strong>.<\/p>\n<p>Aktiiv pidas v\u00f5rgustikku vajalikuks, m\u00e4rkis \u00e4ra k\u00f5ige pakilisemad tegevussuunad, leidis terve koorma h\u00e4id plaane ja veidi v\u00e4iksema koorma probleeme plaanide teostumise teel.<\/p>\n<p style=\"text-align: center;\"><strong>\u201eF\u00fc\u00fcsika \u00f5petaja olla on uhke ja h\u00e4\u00e4\u201d<\/strong><br \/>\nMissioonitunne sunnib meid \u00f5petama f\u00fc\u00fcsikat ja \u00f5ppe kvaliteeti t\u00f5stma. Kogu asja juures ei tohi unustada, et \u00f5pilane on see, kelle nimel me pingutame.<\/p>\n<p style=\"text-align: left;\"><a name=\"1\">Eesm\u00e4rkidest, mida aktiiv on oluliseks pidanud:<\/a><\/p>\n<ul>\n<li>V\u00f5rgustiku koduleht, foorum;<\/li>\n<li>\u00d5petajate kaasamine;<\/li>\n<li>Uute ainekavade rakendamine;<\/li>\n<li>Aktiivi iga-aastane kokkusaamine;<\/li>\n<li>Traditsiooniliste \u00fcrituste j\u00e4tkamine;<\/li>\n<li>Projektid, projektid, projektid;<\/li>\n<li>Noorte \u00f5petajate kaasamine ja toetamine igal moel;<\/li>\n<li>Venekeelsete \u00f5petajate kaasamine.<\/li>\n<\/ul>\n<p>T\u00f6\u00f6 k\u00e4ib, kokkuv\u00f5tete tegemiseks pole veel aega olnud (pole veel aeg tulnud).<\/p>\n<p><strong>Kes on v\u00f5rgustiku liikmed<\/strong>?<\/p>\n<p>Kuigi v\u00f5rgustikul registreeritud liikmeid ei ole, on siiski v\u00e4ike r\u00fchm inimesi, kes on end t\u00e4iesti vabatahtlikult sidunud v\u00f5rgustiku toimimise aluseks olevate projektidega ja n\u00fc\u00fcd on olemas ka aktiiv. V\u00f5rgustikus osalejate k\u00fcsimus, kas see ongi meie <strong>juur<\/strong>k\u00fcsimus?<\/p>\n<p><strong>Kuidas koguneb ja liigub v\u00f5rgustiku info?<\/strong><\/p>\n<p>Meil on h\u00e4id v\u00f5imalusi info saatmiseks, aga probleeme on tagasisidega.<\/p>\n<ul>\n<li>Koolif\u00fc\u00fcsika list t\u00f6\u00f6tab juba aastaid, praegu on seal 210 liiget.<\/li>\n<li>F\u00fc\u00fcsikaportaal <a title=\"fyysika.ee\" href=\"http:\/\/fyysika.ee\/fyysika\/avaleht\">fyysika.ee<\/a> jagab infot muu hulgas ka koolif\u00fc\u00fcsika kohta.<\/li>\n<li><a title=\"Foorumid\" href=\"http:\/\/www.fyysika.ee\/foorum\/\">fyysika.ee foorumid<\/a> on avatud k\u00f5igile huvilistele.<\/li>\n<li>F\u00fc\u00fcsika\u00f5petajate v\u00f5rgustik on alustanud, jagab infot, aga ka kogub seda.<\/li>\n<li>Me saame m\u00f5nikord kokku. F\u00fc\u00fcsika ja f\u00fc\u00fcska\u00f5petajte p\u00e4evad toimuvad kevadisel koolivaheajal, s\u00fcdasuvel tuleb alati suvekool, v\u00f5rgustiku aktiiv on loomas oma traditsioone.<\/li>\n<li>Me j\u00e4rgime m\u00f5\u00f5dukuse p\u00f5him\u00f5tteid \u00fcrituste, kohustuste ja suhtlemise osas.<\/li>\n<\/ul>\n<p><strong>Kellega f\u00fc\u00fcsika\u00f5petajte v\u00f5rgustik koost\u00f6\u00f6d teeb?<br \/>\n<\/strong><\/p>\n<p>V\u00f5rgustik on avatud koost\u00f6\u00f6le teiste v\u00f5rgustikega. J\u00e4lgime huviga oma v\u00f5rgustiku ja teiste v\u00f5rgustike tekkimist ja arengut.<br \/>\nKoost\u00f6\u00f6d teeme Eesti F\u00fc\u00fcsika Seltsi ja T\u00dc Koolif\u00fc\u00fcsika keskusega.<\/p>\n<p><strong>Millne on v\u00f5rgustiku t\u00f6\u00f6 sisu?<\/strong><\/p>\n<p><a href=\"#1\">Tegutseme igap\u00e4evaselt eesm\u00e4rkide nimel.<\/a><\/p>\n<p><strong>Kuidas toimib v\u00f5rgustiku juhtimine ja eestvedu?<\/strong><\/p>\n<p>F\u00fc\u00fcsika\u00f5petajate v\u00f5rgustikul pole p\u00f5hikirja, juhatust, presidenti, kontorit. Koordinaatoreidki pole. \u00dcldjuhtimise t\u00e4ielik puudumine on praegusel etapil v\u00f5rgustiku arengu suurim eelis.<br \/>\nIgap\u00e4evane suhtlus, asjaajamine, infosuunamine, planeerimine on EFS \u00f5petajate osakonna teha.<\/p>\n<p><strong>Kas v\u00f5gustiku liikmed on huvitatud ja koost\u00f6\u00f6valmis?<\/strong><\/p>\n<p>V\u00f5rgustikul ei ole liikmeid, st liikeid pole registreeritud ja pole ka plaanis neid registreerida. Siiski, v\u00f5rgustikul on aktiiv. Aktiivi listis on kirjas 29 nime, nad k\u00f5ik on huvitatud ja koost\u00f6\u00f6valmis. Teatud m\u00f5ttes peame v\u00f5rgustiku liikmeteks k\u00f5iki koolif\u00fc\u00fcsika listi liikmeid, pikemas perspektiivis k\u00f5iki, kes f\u00fc\u00fcsikat \u00f5petavad v\u00f5i f\u00fc\u00fcsika \u00f5petamisest hoolivad ja huvituvad.<\/p>\n<p style=\"text-align: right;\"><strong><em>\u201eEnamus f\u00fc\u00fcsika\u00f5petajatest pole mitte just eriti<br \/>\np\u00f6\u00f6rase kuuluvustundega isikud.<\/em><\/strong>\u201d<br \/>\n<strong><em>Riina Murulaid, EFS f\u00fc\u00fcsika\u00f5petajate osakond<br \/>\n<\/em><\/strong><\/p>\n<p style=\"text-align: left;\"><strong>Mis m\u00f5jutab koost\u00f6\u00f6 arengut?<\/strong><\/p>\n<ul>\n<li>Huvi on olemas, aga ettevaatlik.<\/li>\n<li>Tegutsemise motivatsioon on olemas, aga varjatud.<\/li>\n<li>Usaldus on olemas, aga ka k\u00f5hklused on olemas.<\/li>\n<li>Raha pole, t\u00e4psemalt on, aga v\u00e4he.<\/li>\n<li>Aega on, aga ka v\u00e4he.<\/li>\n<\/ul>\n<hr \/>\n<p>REKK-i poolt juhitava ESF programmi \u201e\u00dcldhariduse pedagoogide kvalifikatsiooni t\u00f5stmine 2008-2014\u201d raames l\u00e4bi viidav koolitus \u201ePedagoogide v\u00f5rgustike juhtimine\u201d.<br \/>\nSee lugu valmis koolituse l\u00f5put\u00f6\u00f6na.<\/p>\n<p style=\"text-align: right;\">Riina Murulaid<br \/>\nJaan Paaver<\/p>\n<p style=\"text-align: right;\">T\u00e4name Eesti F\u00fc\u00fcsika Seltsi, Kaido Reivelti, kuuma gruppi ja v\u00f5rgustiku aktiivi<\/p>\n","protected":false},"excerpt":{"rendered":"<p>F\u00fc\u00fcsika \u00f5petajatel ei ole oma organisatsiooni. See on veidi ebatavaline, aga mitte p\u00e4ris unikaalne. On Eesti F\u00fc\u00fcsika Selts ja selle \u00f5petajate osakond ning \u00fcldiselt peavad \u00f5petajad seda oma esindusorganisatsiooniks. Samas on t\u00fchine osa f\u00fc\u00fcsikat \u00f5petavatest pedagoogidest astunud seltsi liikmeks. M\u00f5nel pool on olemas \u00fcsna tegusad ainesektsioonid, aga v\u00e4ga palju oleneb siin kohalikest oludest, eestvedajate energiast &hellip; <\/p>\n<p class=\"link-more\"><a href=\"http:\/\/www.fyysika.ee\/vorgustik\/?page_id=14\" class=\"more-link\">Loe edasi<span class=\"screen-reader-text\"> &#8220;Lugu&#8221;<\/span><\/a><\/p>\n","protected":false},"author":2,"featured_media":0,"parent":0,"menu_order":5,"comment_status":"closed","ping_status":"closed","template":"","meta":[],"_links":{"self":[{"href":"http:\/\/www.fyysika.ee\/vorgustik\/index.php?rest_route=\/wp\/v2\/pages\/14"}],"collection":[{"href":"http:\/\/www.fyysika.ee\/vorgustik\/index.php?rest_route=\/wp\/v2\/pages"}],"about":[{"href":"http:\/\/www.fyysika.ee\/vorgustik\/index.php?rest_route=\/wp\/v2\/types\/page"}],"author":[{"embeddable":true,"href":"http:\/\/www.fyysika.ee\/vorgustik\/index.php?rest_route=\/wp\/v2\/users\/2"}],"replies":[{"embeddable":true,"href":"http:\/\/www.fyysika.ee\/vorgustik\/index.php?rest_route=%2Fwp%2Fv2%2Fcomments&post=14"}],"version-history":[{"count":38,"href":"http:\/\/www.fyysika.ee\/vorgustik\/index.php?rest_route=\/wp\/v2\/pages\/14\/revisions"}],"predecessor-version":[{"id":17,"href":"http:\/\/www.fyysika.ee\/vorgustik\/index.php?rest_route=\/wp\/v2\/pages\/14\/revisions\/17"}],"wp:attachment":[{"href":"http:\/\/www.fyysika.ee\/vorgustik\/index.php?rest_route=%2Fwp%2Fv2%2Fmedia&parent=14"}],"curies":[{"name":"wp","href":"https:\/\/api.w.org\/{rel}","templated":true}]}}