{"id":678,"date":"2011-11-07T14:38:20","date_gmt":"2011-11-07T14:38:20","guid":{"rendered":"http:\/\/www.fyysika.ee\/vorgustik\/?page_id=678"},"modified":"2014-02-04T21:33:59","modified_gmt":"2014-02-04T21:33:59","slug":"voore-seminariks","status":"publish","type":"page","link":"http:\/\/www.fyysika.ee\/vorgustik\/?page_id=678","title":{"rendered":"Seminaride ja koolituste materjale"},"content":{"rendered":"<h2><span style=\"color: #339966;\">Voore talveseminar<\/span><\/h2>\n<h2><span style=\"color: #339966;\">31. jaanuar &#8211; 1. veebruar 2014<\/span><\/h2>\n<p>Akadeemik Jaan Einasto, <a href=\"http:\/\/www.fyysika.ee\/vorgustik\/wp-content\/uploads\/2011\/11\/maailm_31.01.2014_09.pdf\">Maailm ja m\u00f5nda &#8211; teadmiste areng Maailma ehitusest.<\/a><\/p>\n<p>Indrek Peil,\u00a0 <a href=\"http:\/\/www.fyysika.ee\/vorgustik\/wp-content\/uploads\/2011\/11\/uuriv_fyysika.pdf\">Uurimist\u00f6\u00f6dest f\u00fc\u00fcsikas<\/a>.<\/p>\n<h2><span style=\"color: #339966;\">EFS g\u00fcmnaasiumi ainekava aluste ja rakendamise koolitus. <\/span><\/h2>\n<h2><span style=\"color: #339966;\">23.-24. august 2012<a href=\"http:\/\/www.fyysika.ee\/vorgustik\/wp-content\/uploads\/2011\/11\/EL_Sotsiaalfond_horisontaal.jpg\"><img loading=\"lazy\" class=\"size-medium wp-image-1170 alignright\" title=\"EL_Sotsiaalfond_horisontaal\" src=\"http:\/\/www.fyysika.ee\/vorgustik\/wp-content\/uploads\/2011\/11\/EL_Sotsiaalfond_horisontaal-300x167.jpg\" alt=\"\" width=\"300\" height=\"167\" srcset=\"http:\/\/www.fyysika.ee\/vorgustik\/wp-content\/uploads\/2011\/11\/EL_Sotsiaalfond_horisontaal-300x167.jpg 300w, http:\/\/www.fyysika.ee\/vorgustik\/wp-content\/uploads\/2011\/11\/EL_Sotsiaalfond_horisontaal.jpg 700w\" sizes=\"(max-width: 300px) 100vw, 300px\" \/><\/a><\/span><\/h2>\n<p><a href=\"http:\/\/www.fyysika.ee\/doc\/FLA_opik.pdf\" target=\"_blank\">F\u00fc\u00fcsikalise loodusk\u00e4sitluse aluste \u00f5piku k\u00e4sikiri.<\/a><\/p>\n<p>Loengud (UTTV):<\/p>\n<ul>\n<li> Kalev Tarkpea <a title=\"K Tarkpea\" href=\"http:\/\/uttv.ee\/naita?id=16159\">FLA \u00f5piku tutvustus<\/a>.<\/li>\n<li>Jaan Paaver <a title=\"J Paaver\" href=\"http:\/\/uttv.ee\/naita?id=16153\">n\u00e4idistund &#8211; p\u00f5hjuslik seos, f\u00fc\u00fcsikast tulenevad ohud<\/a>.<\/li>\n<li>Karl Erlenheimi <a href=\"http:\/\/uttv.ee\/naita?id=16155\">n\u00e4idistund &#8211; Elektriv\u00e4li ja magnetv\u00e4li<\/a> ja selle tunni <a href=\"http:\/\/www.fyysika.ee\/vorgustik\/wp-content\/uploads\/2011\/11\/Elektriv\u00e4li-ja-magnetv\u00e4li.pdf\">esitlus<\/a>.<\/li>\n<li>Mehaanika kursuse animatsioonid ja eksperimendivideod on leitavad Mehaanika e-\u00f5pikus aadressil <a href=\"http:\/\/\u00f5pik.f\u00fc\u00fcsika.ee\">\u00f5pik.f\u00fc\u00fcsika.ee<\/a>.<\/li>\n<\/ul>\n<p><a title=\"Kapsaleht\" href=\"http:\/\/kapsa-leht.blogspot.com\/\">Kapsalehe blogi<\/a>. Murray Gell-Mann ja Hans Rosling esinevad TED konverentsil (videote lingid k\u00fclgpaanis). Postitused liblikatiiva efektist, sarnastest lumehelvestest ja arvutitunnis otsitud simulatsioonide lingid.<\/p>\n<p>F\u00fc\u00fcsika pole ohtlik, <a title=\"MARS!\" href=\"http:\/\/vimeo.com\/12079648\">ohtlik on ikka inimene<\/a>.<\/p>\n<p>K\u00fcsimuste ja \u00fclesannete lehed:\u00a0<a href=\"http:\/\/www.fyysika.ee\/vorgustik\/wp-content\/uploads\/2011\/11\/maakera.doc\">maakera.doc<\/a> ja\u00a0<a href=\"http:\/\/www.fyysika.ee\/vorgustik\/wp-content\/uploads\/2011\/11\/maakera.pdf\">maakera.pdf<\/a>.<\/p>\n<h2 style=\"color: #339966;\">14.-15. september 2012<\/h2>\n<p>Loengud m\u00f5\u00f5tmise teemal (UTTV):<\/p>\n<ul>\n<li> Erko Jakobson <a title=\"E Jakobson\" href=\"http:\/\/uttv.ee\/naita?id=13305\">m\u00f5\u00f5tem\u00e4\u00e4ramtusest, n\u00e4idetega<\/a>.<\/li>\n<li> Toomas K\u00fcbarsepp <a title=\"T. K\u00fcbarsepp\" href=\"http:\/\/uttv.ee\/naita?id=13304\">m\u00f5\u00f5teseadusest ja Metroserdist<\/a>.<\/li>\n<\/ul>\n<p>Erko Jakobsoni <a href=\"http:\/\/www.fyysika.ee\/vorgustik\/wp-content\/uploads\/2011\/11\/M\u00f5\u00f5tem\u00e4\u00e4ramatus_slaidid.pdf\">slaidid<\/a> ja <a href=\"http:\/\/www.fyysika.ee\/vorgustik\/wp-content\/uploads\/2011\/11\/M\u00f5\u00f5tem\u00e4\u00e4ramatused_konspekt.pdf\">konspekt<\/a> m\u00f5\u00f5tem\u00e4\u00e4ramtuse teema juurde.<\/p>\n<p>Praktilised t\u00f6\u00f6d:<\/p>\n<p><strong>I Kuulike rennis:<\/strong> <a href=\"http:\/\/www.fyysika.ee\/vorgustik\/wp-content\/uploads\/2011\/11\/kuulike.doc\">.doc<\/a> ja <a href=\"http:\/\/www.fyysika.ee\/vorgustik\/wp-content\/uploads\/2011\/11\/kuulike.pdf\">.pdf<\/a>. Kuulikese j\u00e4tkut\u00f6\u00f6: <a href=\"http:\/\/www.fyysika.ee\/vorgustik\/wp-content\/uploads\/2011\/11\/kuulikejtk.doc\">.doc<\/a> ja <a href=\"http:\/\/www.fyysika.ee\/vorgustik\/wp-content\/uploads\/2011\/11\/kuulikejtk.pdf\">.pdf<\/a>.\u00a0 <a href=\"http:\/\/www.fyysika.ee\/vorgustik\/wp-content\/uploads\/2011\/11\/Galilei.pdf\">V\u00e4ljav\u00f5te<\/a> Galilei raamatust \u201eKaks uut teadust\u201d (itaalia ja eesti keeles). <a title=\"Straulino\" href=\"http:\/\/hep.fi.infn.it\/ol\/samuele\/whoiam.php\">Samuele Straulino<\/a> artikkel <a href=\"http:\/\/www.fyysika.ee\/vorgustik\/wp-content\/uploads\/2011\/11\/Reconstruction-of-Galileo-Galilei.pdf\">Galilei katse kordamisest<\/a> (inglise keeles).<\/p>\n<p>II H\u00f5\u00f5rdetegur:<\/p>\n<p><strong>IIIa Kaks pooli<\/strong>:<a href=\"http:\/\/www.fyysika.ee\/vorgustik\/wp-content\/uploads\/2011\/11\/Poolid-juhend.doc\"> .doc<\/a> ja <a href=\"http:\/\/www.fyysika.ee\/vorgustik\/wp-content\/uploads\/2011\/11\/Poolid-juhend.pdf\">.pdf<\/a><\/p>\n<p><strong>IIIb Murdumisn\u00e4itaja:<\/strong> Klaasi murdumisn\u00e4itaja m\u00e4\u00e4ramine: <a href=\"http:\/\/www.fyysika.ee\/vorgustik\/wp-content\/uploads\/2011\/11\/Klaasi-murdumisn\u00e4itaja-m\u00e4\u00e4ramine.doc\">.doc<\/a> ja <a href=\"http:\/\/www.fyysika.ee\/vorgustik\/wp-content\/uploads\/2011\/11\/Klaasi-murdumisn\u00e4itaja-m\u00e4\u00e4ramine.pdf\">.pdf<\/a>.<\/p>\n<p><strong>IV Multimeeter:<\/strong> Inimkeha takistuse m\u00e4\u00e4ramine: <a href=\"http:\/\/www.fyysika.ee\/vorgustik\/wp-content\/uploads\/2011\/11\/Inimkeha-takistuse-m\u00e4\u00e4ramine.doc\">.doc<\/a> ja <a href=\"http:\/\/www.fyysika.ee\/vorgustik\/wp-content\/uploads\/2011\/11\/Inimkeha-takistuse-m\u00e4\u00e4ramine.pdf\">.pdf<\/a>.<\/p>\n<p><strong>V Arvutitund:<\/strong> Tabelarvutuse fail, mis on m\u00f5\u00f5tmise ja m\u00f5\u00f5tem\u00e4\u00e4ramtuse t\u00f6\u00f6 andmete anal\u00fc\u00fcsil abiks: <a href=\"http:\/\/www.fyysika.ee\/vorgustik\/wp-content\/uploads\/2011\/11\/Analyys.xlsx\">.xlsx<\/a> ja <a href=\"http:\/\/www.fyysika.ee\/vorgustik\/wp-content\/uploads\/2011\/11\/Analyys.xls\">.xls<\/a>.<\/p>\n<h2><span style=\"color: #339966;\">Voore seminar 2011<\/span><\/h2>\n<p>P\u00e4evakava &#8211; <a href=\"http:\/\/www.fyysika.ee\/vorgustik\/wp-content\/uploads\/2011\/11\/EFS-f\u00fc\u00fcsika\u00f5petajate-II-s\u00fcgisseminar-Voorel.pdf\">EFS f\u00fc\u00fcsika\u00f5petajate II s\u00fcgisseminar Voorel<\/a> ja <a href=\"http:\/\/www.fyysika.ee\/vorgustik\/wp-content\/uploads\/2011\/11\/Voore-osalejad-2011.pdf\">osalejate nimekiri<\/a>.<\/p>\n<p>G\u00fcmnaasiumi r\u00fchmat\u00f6\u00f6 kokkuv\u00f5ttev tabel &#8211; <a href=\"http:\/\/www.fyysika.ee\/vorgustik\/wp-content\/uploads\/2011\/11\/Voore-tabel-11-11-11.pdf\">Voore tabel-11-11-11<\/a><\/p>\n<p>P\u00f5hikooli \u00f5pikoja t\u00f6\u00f6lehed:<\/p>\n<ul>\n<li><a href=\"http:\/\/www.fyysika.ee\/vorgustik\/wp-content\/uploads\/2011\/11\/kiirus.pdf\">kiirus<\/a><\/li>\n<li><a href=\"http:\/\/www.fyysika.ee\/vorgustik\/wp-content\/uploads\/2011\/11\/yleslyke.pdf\">\u00fclesl\u00fcke<\/a><\/li>\n<\/ul>\n","protected":false},"excerpt":{"rendered":"<p>Voore talveseminar 31. jaanuar &#8211; 1. veebruar 2014 Akadeemik Jaan Einasto, Maailm ja m\u00f5nda &#8211; teadmiste areng Maailma ehitusest. Indrek Peil,\u00a0 Uurimist\u00f6\u00f6dest f\u00fc\u00fcsikas. EFS g\u00fcmnaasiumi ainekava aluste ja rakendamise koolitus. 23.-24. august 2012 F\u00fc\u00fcsikalise loodusk\u00e4sitluse aluste \u00f5piku k\u00e4sikiri. Loengud (UTTV): Kalev Tarkpea FLA \u00f5piku tutvustus. Jaan Paaver n\u00e4idistund &#8211; p\u00f5hjuslik seos, f\u00fc\u00fcsikast tulenevad ohud. Karl &hellip; <\/p>\n<p class=\"link-more\"><a href=\"http:\/\/www.fyysika.ee\/vorgustik\/?page_id=678\" class=\"more-link\">Loe edasi<span class=\"screen-reader-text\"> &#8220;Seminaride ja koolituste materjale&#8221;<\/span><\/a><\/p>\n","protected":false},"author":2,"featured_media":0,"parent":0,"menu_order":3,"comment_status":"open","ping_status":"open","template":"","meta":[],"_links":{"self":[{"href":"http:\/\/www.fyysika.ee\/vorgustik\/index.php?rest_route=\/wp\/v2\/pages\/678"}],"collection":[{"href":"http:\/\/www.fyysika.ee\/vorgustik\/index.php?rest_route=\/wp\/v2\/pages"}],"about":[{"href":"http:\/\/www.fyysika.ee\/vorgustik\/index.php?rest_route=\/wp\/v2\/types\/page"}],"author":[{"embeddable":true,"href":"http:\/\/www.fyysika.ee\/vorgustik\/index.php?rest_route=\/wp\/v2\/users\/2"}],"replies":[{"embeddable":true,"href":"http:\/\/www.fyysika.ee\/vorgustik\/index.php?rest_route=%2Fwp%2Fv2%2Fcomments&post=678"}],"version-history":[{"count":67,"href":"http:\/\/www.fyysika.ee\/vorgustik\/index.php?rest_route=\/wp\/v2\/pages\/678\/revisions"}],"predecessor-version":[{"id":682,"href":"http:\/\/www.fyysika.ee\/vorgustik\/index.php?rest_route=\/wp\/v2\/pages\/678\/revisions\/682"}],"wp:attachment":[{"href":"http:\/\/www.fyysika.ee\/vorgustik\/index.php?rest_route=%2Fwp%2Fv2%2Fmedia&parent=678"}],"curies":[{"name":"wp","href":"https:\/\/api.w.org\/{rel}","templated":true}]}}