{"id":39557,"date":"2014-12-26T02:10:39","date_gmt":"2014-12-25T23:10:39","guid":{"rendered":"http:\/\/www.fyysika.ee\/uudised\/?page_id=39557"},"modified":"2015-04-05T13:57:44","modified_gmt":"2015-04-05T10:57:44","slug":"rahvusvaheline-valguse-aasta-2015","status":"publish","type":"page","link":"https:\/\/www.fyysika.ee\/?page_id=39557","title":{"rendered":"Rahvusvaheline valguse aasta 2015"},"content":{"rendered":"<p><a href=\"http:\/\/www.fyysika.ee\/uudised\/wp-content\/uploads\/2014\/12\/IYL_Logo_ColorVert_est.png\"><img loading=\"lazy\" decoding=\"async\" class=\"alignleft size-medium wp-image-39559\" src=\"http:\/\/www.fyysika.ee\/uudised\/wp-content\/uploads\/2014\/12\/IYL_Logo_ColorVert_est-200x300.png\" alt=\"IYL_Logo_ColorVert_est\" width=\"200\" height=\"300\" srcset=\"https:\/\/www.fyysika.ee\/wp-content\/uploads\/2014\/12\/IYL_Logo_ColorVert_est-200x300.png 200w, https:\/\/www.fyysika.ee\/wp-content\/uploads\/2014\/12\/IYL_Logo_ColorVert_est-681x1024.png 681w, https:\/\/www.fyysika.ee\/wp-content\/uploads\/2014\/12\/IYL_Logo_ColorVert_est.png 1187w\" sizes=\"auto, (max-width: 200px) 100vw, 200px\" \/><\/a>2015.a. kuulutati valguse aastaks 20.detsembril 2013.aastal, kui \u00dcRO 68-ndal istungj\u00e4rgul v\u00f5eti vastu sellekohane deklaratsioon. Valguse aasta on \u00fchendanud paljude teadus- ja haridusasutuste, tehnoloogiafirmade ja kolmanda sektori \u00fchenduste j\u00f5ud \u00fcle kogu maailma.<\/p>\n<p>Eesti F\u00fc\u00fcsika Selts peab valgust t\u00e4htsaks, sestap oleme ka v\u00f5tnud valguse aastat t\u00e4histada.<\/p>\n<ul>\n<li>\u00a0Teadusbuss v\u00e4ga tihti ei tee valguse etendusi. 2015.aastal teeb. Nii et kui Teil on huvi meid kutsuda, siis v\u00f5tke palun \u00fchendust <a href=\"mailto:kaido@fyysika.ee\">kaido@fyysika.ee<\/a>.<\/li>\n<li>Eesti F\u00fc\u00fcsika Selts kuulutab v\u00e4lja uurimist\u00f6\u00f6de konkursi. Jah, \u00f5pilaspreemiaid oleme me ikka v\u00e4lja jaganud, aga valguse aastal veidi uhkemalt. T\u00e4psema info selle kohta ilmub siia \u00f5ige varsti, t\u00f6\u00f6de esitamise t\u00e4htaeg on 15.mail.<\/li>\n<li>F\u00fc\u00fcsikaviktoriin \u201eSpekter\u201c. Aprilli alguses tuleb selline uus ettev\u00f5tmine, teistmoodi kui k\u00f5ik varasemad. Sest viktoriin ilmub arvutitesse ja mobiiltelefonidesse. Ka selle \u00fcrituse kohta ilmub info siia, \u00f5ige varsti.<\/li>\n<li>Septembris toimub uues T\u00dc F\u00fc\u00fcsikumis j\u00e4rjekorras teine fotoonika p\u00e4ev.<\/li>\n<li>Uue olemisega f\u00fc\u00fcsikaportaal hakkab regulaarselt valguse-teemadega tegelema.<\/li>\n<li>Suvises T\u00dc teaduslaagris uurime valgust.<\/li>\n<li>&#8230;<\/li>\n<\/ul>\n<p>Rahvusvahelisi ettev\u00f5tmisi:<\/p>\n<p><a href=\"http:\/\/photontransfer.com\/xphotonchallenge\/\"><img loading=\"lazy\" decoding=\"async\" class=\"aligncenter wp-image-71262 size-medium\" src=\"http:\/\/www.fyysika.ee\/wp-content\/uploads\/2014\/12\/xphoton-banner2-300x61.jpg\" alt=\"xphoton-banner2\" width=\"300\" height=\"61\" srcset=\"https:\/\/www.fyysika.ee\/wp-content\/uploads\/2014\/12\/xphoton-banner2-300x61.jpg 300w, https:\/\/www.fyysika.ee\/wp-content\/uploads\/2014\/12\/xphoton-banner2.jpg 954w\" sizes=\"auto, (max-width: 300px) 100vw, 300px\" \/><\/a><\/p>\n<p>\u00dcle\u00fcldse, on tulemas igati p\u00f5nev aasta. Hoiame sidet!<br \/>\n[gcal id=&#8221;49887&#8243;]<\/p>\n","protected":false},"excerpt":{"rendered":"<p>2015.a. kuulutati valguse aastaks 20.detsembril 2013.aastal, kui \u00dcRO 68-ndal istungj\u00e4rgul v\u00f5eti vastu sellekohane deklaratsioon. Valguse aasta on \u00fchendanud paljude teadus- ja haridusasutuste, tehnoloogiafirmade ja kolmanda sektori \u00fchenduste j\u00f5ud \u00fcle kogu maailma. Eesti F\u00fc\u00fcsika Selts peab valgust t\u00e4htsaks, sestap oleme ka v\u00f5tnud valguse aastat t\u00e4histada. \u00a0Teadusbuss v\u00e4ga tihti ei tee valguse etendusi. 2015.aastal teeb. Nii et [&hellip;]<\/p>\n","protected":false},"author":1,"featured_media":39559,"parent":0,"menu_order":0,"comment_status":"open","ping_status":"closed","template":"","meta":{"_genesis_hide_title":false,"_genesis_hide_breadcrumbs":false,"_genesis_hide_singular_image":false,"_genesis_hide_footer_widgets":false,"_genesis_custom_body_class":"Content","_genesis_custom_post_class":"","_genesis_layout":"","footnotes":""},"class_list":{"0":"post-39557","1":"page","2":"type-page","3":"status-publish","4":"has-post-thumbnail","6":"entry"},"_links":{"self":[{"href":"https:\/\/www.fyysika.ee\/index.php?rest_route=\/wp\/v2\/pages\/39557","targetHints":{"allow":["GET"]}}],"collection":[{"href":"https:\/\/www.fyysika.ee\/index.php?rest_route=\/wp\/v2\/pages"}],"about":[{"href":"https:\/\/www.fyysika.ee\/index.php?rest_route=\/wp\/v2\/types\/page"}],"author":[{"embeddable":true,"href":"https:\/\/www.fyysika.ee\/index.php?rest_route=\/wp\/v2\/users\/1"}],"replies":[{"embeddable":true,"href":"https:\/\/www.fyysika.ee\/index.php?rest_route=%2Fwp%2Fv2%2Fcomments&post=39557"}],"version-history":[{"count":0,"href":"https:\/\/www.fyysika.ee\/index.php?rest_route=\/wp\/v2\/pages\/39557\/revisions"}],"wp:featuredmedia":[{"embeddable":true,"href":"https:\/\/www.fyysika.ee\/index.php?rest_route=\/wp\/v2\/media\/39559"}],"wp:attachment":[{"href":"https:\/\/www.fyysika.ee\/index.php?rest_route=%2Fwp%2Fv2%2Fmedia&parent=39557"}],"curies":[{"name":"wp","href":"https:\/\/api.w.org\/{rel}","templated":true}]}}