{"id":61740,"date":"2015-03-12T21:06:49","date_gmt":"2015-03-12T18:06:49","guid":{"rendered":"http:\/\/www.fyysika.ee\/?page_id=61740"},"modified":"2015-03-25T23:22:32","modified_gmt":"2015-03-25T20:22:32","slug":"xlv-eesti-fuusikapaevad-ja-xxxvii-fuusikaopetajate-paevad-kava","status":"publish","type":"page","link":"https:\/\/www.fyysika.ee\/?page_id=61740","title":{"rendered":"XLV Eesti f\u00fc\u00fcsikap\u00e4evad ja XXXVII f\u00fc\u00fcsika\u00f5petajate p\u00e4evad"},"content":{"rendered":"<p>XLV Eesti f\u00fc\u00fcsikap\u00e4evad ja XXXVII f\u00fc\u00fcsika\u00f5petajate p\u00e4evad toimuvad Tartus, uues T\u00dc F\u00fc\u00fcsikumis 20-21.03.2015.\u00a0 Programmi kuuluvad \u00fclevaateettekanded, mis tutvustavad laiemalt nii f\u00fc\u00fcsika kui ka f\u00fc\u00fcsikaga piirnevate valdkondade arengut meil ja mujal maailmas, aga loomulikult ka meie f\u00fc\u00fcsikute viimase aja uurimistulemusi ning f\u00fc\u00fcsika \u00f5petamisega seonduvat.<\/p>\n<p>Reede, 20.03 on teaduse p\u00e4ev, laup\u00e4ev, 21.03 on f\u00fc\u00fcsikahariduse p\u00e4ev. Veel t\u00e4ienev kava on n\u00e4ha allpool.<\/p>\n<p><a href=\"https:\/\/docs.google.com\/forms\/d\/1AEsFdUePU43ZZFVdF6zCZNDcD2oTtwYnx340U_bt9Jw\/viewform\" target=\"_blank\">Registreerimine f\u00fc\u00fcsikap\u00e4evadele on avatud!<\/a><\/p>\n<table cellspacing=\"5\" cellpadding=\"5\">\n<tbody>\n<tr>\n<td colspan=\"4\" bgcolor=\"#CCCCCC\"><strong>Reede, 20.03, teaduse p\u00e4ev<\/strong><\/td>\n<\/tr>\n<tr>\n<td valign=\"top\" bgcolor=\"#FFFF99\">10:00<\/td>\n<td colspan=\"3\" bgcolor=\"#FFFF99\">Saabumiskohv.<\/td>\n<\/tr>\n<tr>\n<td valign=\"top\">10:30<\/td>\n<td colspan=\"3\">Avamine, tervituss\u00f5nad<\/td>\n<\/tr>\n<tr>\n<td valign=\"top\">10:45<\/td>\n<td colspan=\"3\">Aasta 2014 Eesti F\u00fc\u00fcsika Seltsis (<a href=\"http:\/\/uttv.ee\/naita?id=21709\">video<\/a>)<\/td>\n<\/tr>\n<tr>\n<td valign=\"top\">11:30<\/td>\n<td colspan=\"3\">EFS aastapreemiate \u00fcleandmine, laureaadi loeng (<a href=\"http:\/\/uttv.ee\/naita?id=21710\">video<\/a>)<\/td>\n<\/tr>\n<tr>\n<td valign=\"top\" bgcolor=\"#CCFF66\">12:00<\/td>\n<td colspan=\"3\" bgcolor=\"#CCFF66\">Ekskursioonide aeg, p\u00e4ikesevarjutus, stendisessioon<\/td>\n<\/tr>\n<tr>\n<td valign=\"top\" bgcolor=\"#FFFF66\">13:00<\/td>\n<td colspan=\"3\" bgcolor=\"#FFFF66\">L\u00f5una<\/td>\n<\/tr>\n<tr>\n<td valign=\"top\">13:45<\/td>\n<td colspan=\"3\">Nobeli loeng Jaan Aarik (T\u00dc) ja Jaak Kikas (T\u00dc) (<a href=\"http:\/\/uttv.ee\/naita?id=21711\">video<\/a>)<\/td>\n<\/tr>\n<tr>\n<td valign=\"top\">14:45<\/td>\n<td colspan=\"3\">Erki K\u00e4rber (TT\u00dc) &#8220;Valguse efektiivsemast kasutamisest p\u00e4ikesepatareis&#8221; (<a href=\"http:\/\/uttv.ee\/naita?id=21712\">video<\/a>)<\/td>\n<\/tr>\n<tr>\n<td valign=\"top\">15:15<\/td>\n<td colspan=\"3\">Kaido Reivelt (T\u00dc, EFS) &#8220;Kuidas saab f\u00fc\u00fcsika mobiiltelefoni?&#8221; (<a href=\"http:\/\/uttv.ee\/naita?id=21713\">video<\/a>)<\/td>\n<\/tr>\n<tr>\n<td valign=\"top\">15:45<\/td>\n<td colspan=\"3\">Kaspars Laizans ja Vahur Afanasjev (Hitafly)\u00a0&#8220;Ideed ei maksa midagi ehk kuidas teha f\u00fc\u00fcsikast \u00e4ri&#8221; (<a href=\"http:\/\/uttv.ee\/naita?id=21714\">video<\/a>)<\/td>\n<\/tr>\n<tr>\n<td valign=\"top\" bgcolor=\"#FFFF99\">16:15<\/td>\n<td colspan=\"3\" bgcolor=\"#FFFF99\">Kohvipaus<\/td>\n<\/tr>\n<tr>\n<td valign=\"top\">16:30<\/td>\n<td colspan=\"3\">EFS \u00fcldkogu<\/td>\n<\/tr>\n<tr>\n<td valign=\"top\">17:00<\/td>\n<td colspan=\"3\">EFS seltsi\u00f5htu<\/td>\n<\/tr>\n<tr>\n<td valign=\"top\"><\/td>\n<td colspan=\"3\"><\/td>\n<\/tr>\n<tr valign=\"top\">\n<td colspan=\"4\" bgcolor=\"#CCCCCC\"><strong>Laup\u00e4ev, 21.03: f\u00fc\u00fcsikahariduse p\u00e4ev<\/strong><\/td>\n<\/tr>\n<tr>\n<td valign=\"top\" bgcolor=\"#FFFF99\">9:00<\/td>\n<td colspan=\"3\" bgcolor=\"#FFFF99\">Saabumiskohv.<\/td>\n<\/tr>\n<tr>\n<td valign=\"top\">9:30<\/td>\n<td colspan=\"3\">Avamine, tervituss\u00f5nad<\/td>\n<\/tr>\n<tr>\n<td valign=\"top\">9:40<\/td>\n<td colspan=\"3\">Laurits Leedj\u00e4rv (TO) &#8220;P\u00e4ikesevarjutusest t\u00e4hevarjutusteni ehk 20 aastat eksoplaneete&#8221; (<a href=\"http:\/\/www.uttv.ee\/naita?id=21704\">video<\/a>)<\/td>\n<\/tr>\n<tr>\n<td valign=\"top\">10:10<\/td>\n<td colspan=\"3\">Sergei Vlassov (T\u00dc) &#8220;Kus on ja kuhu l\u00e4heb nanotehnoloogia&#8221; (<a href=\"http:\/\/www.uttv.ee\/naita?id=21705\">video<\/a>)<\/td>\n<\/tr>\n<tr>\n<td valign=\"top\">10:55<\/td>\n<td colspan=\"3\">Priit Kull (T\u00dc) &#8220;Kas Marsil on elu ja kas me tahame nendega s\u00f5brad olla.&#8221; (<a href=\"http:\/\/www.uttv.ee\/naita?id=21703\">video<\/a>)<\/td>\n<\/tr>\n<tr>\n<td valign=\"top\">11:30<\/td>\n<td colspan=\"3\">Jaan Paaver (HTG) &#8220;Vihmapiiskadest&#8221; (<a href=\"http:\/\/uttv.ee\/naita?id=21716\">video<\/a>)<\/td>\n<\/tr>\n<tr>\n<td valign=\"top\" bgcolor=\"#FFFF99\">11:45<\/td>\n<td colspan=\"3\" bgcolor=\"#FFFF99\">Kohvipaus<\/td>\n<\/tr>\n<tr>\n<td valign=\"top\">12:15<\/td>\n<td colspan=\"3\">S.Ganina (T\u00dc), H.Voolaid (T\u00dc) &#8220;Huvitav f\u00fc\u00fcsika\u00f5pe&#8221; (<a href=\"http:\/\/uttv.ee\/naita?id=21715\">video<\/a>)<\/td>\n<\/tr>\n<tr>\n<td valign=\"top\">12:30<\/td>\n<td colspan=\"3\">Kaido Reivelt (T\u00dc, EFS), &#8220;T\u00dc koolif\u00fc\u00fcsika keskus haridustuulte p\u00f6\u00f6rises&#8221;<\/td>\n<\/tr>\n<tr>\n<td valign=\"top\">13:00<\/td>\n<td valign=\"top\">Jaan Paaver (HTG) &#8220;\u00d5petamine \u00f5pikuga&#8221;<\/td>\n<td valign=\"top\"><\/td>\n<td valign=\"top\">Urmas Heinaste (T\u00dc) &#8220;GoLab-i kasutamine tundides&#8221;<\/td>\n<\/tr>\n<tr>\n<td valign=\"top\">14:00<\/td>\n<td colspan=\"3\">EFS f\u00fc\u00fcsika\u00f5petajate osakonna \u00fcldkoosolek<\/td>\n<\/tr>\n<tr>\n<td valign=\"top\">15:00<\/td>\n<td colspan=\"3\">L\u00f5pp<\/td>\n<\/tr>\n<\/tbody>\n<\/table>\n","protected":false},"excerpt":{"rendered":"<p>XLV Eesti f\u00fc\u00fcsikap\u00e4evad ja XXXVII f\u00fc\u00fcsika\u00f5petajate p\u00e4evad toimuvad Tartus, uues T\u00dc F\u00fc\u00fcsikumis 20-21.03.2015.\u00a0 Programmi kuuluvad \u00fclevaateettekanded, mis tutvustavad laiemalt nii f\u00fc\u00fcsika kui ka f\u00fc\u00fcsikaga piirnevate valdkondade arengut meil ja mujal maailmas, aga loomulikult ka meie f\u00fc\u00fcsikute viimase aja uurimistulemusi ning f\u00fc\u00fcsika \u00f5petamisega seonduvat. Reede, 20.03 on teaduse p\u00e4ev, laup\u00e4ev, 21.03 on f\u00fc\u00fcsikahariduse p\u00e4ev. Veel t\u00e4ienev [&hellip;]<\/p>\n","protected":false},"author":1,"featured_media":0,"parent":0,"menu_order":0,"comment_status":"open","ping_status":"closed","template":"","meta":{"_genesis_hide_title":false,"_genesis_hide_breadcrumbs":false,"_genesis_hide_singular_image":false,"_genesis_hide_footer_widgets":false,"_genesis_custom_body_class":"","_genesis_custom_post_class":"","_genesis_layout":"","footnotes":""},"class_list":{"0":"post-61740","1":"page","2":"type-page","3":"status-publish","5":"entry"},"_links":{"self":[{"href":"https:\/\/www.fyysika.ee\/index.php?rest_route=\/wp\/v2\/pages\/61740","targetHints":{"allow":["GET"]}}],"collection":[{"href":"https:\/\/www.fyysika.ee\/index.php?rest_route=\/wp\/v2\/pages"}],"about":[{"href":"https:\/\/www.fyysika.ee\/index.php?rest_route=\/wp\/v2\/types\/page"}],"author":[{"embeddable":true,"href":"https:\/\/www.fyysika.ee\/index.php?rest_route=\/wp\/v2\/users\/1"}],"replies":[{"embeddable":true,"href":"https:\/\/www.fyysika.ee\/index.php?rest_route=%2Fwp%2Fv2%2Fcomments&post=61740"}],"version-history":[{"count":0,"href":"https:\/\/www.fyysika.ee\/index.php?rest_route=\/wp\/v2\/pages\/61740\/revisions"}],"wp:attachment":[{"href":"https:\/\/www.fyysika.ee\/index.php?rest_route=%2Fwp%2Fv2%2Fmedia&parent=61740"}],"curies":[{"name":"wp","href":"https:\/\/api.w.org\/{rel}","templated":true}]}}