{"id":719789,"date":"2026-03-01T12:40:23","date_gmt":"2026-03-01T09:40:23","guid":{"rendered":"https:\/\/www.fyysika.ee\/?page_id=719789"},"modified":"2026-03-01T12:47:45","modified_gmt":"2026-03-01T09:47:45","slug":"fuusikaopetajate-suvelaager-2026","status":"publish","type":"page","link":"https:\/\/www.fyysika.ee\/?page_id=719789","title":{"rendered":"F\u00fc\u00fcsika\u00f5petajate suvelaager 2026"},"content":{"rendered":"\n<p>F\u00fc\u00fcsika\u00f5petajate suvelaager on intensiivkursus, kus alustavad v\u00f5i ennast t\u00e4iendada soovivad \u00f5petajad saavad v\u00e4rskendada ja t\u00e4iendada oma f\u00fc\u00fcsikateadmisi ning kogeda ja tallele panna f\u00fc\u00fcsikatundides kasutatavaid praktilisi nippe ja \u00f5ppemeetodeid. Erilise t\u00e4helepanu all on eksperimendid, nii demo- kui ka \u00f5pilaste laual.<\/p>\n\n\n\n<p><strong>2026. aasta suvelaager toimub 25.-28. juunil. Oleme ka seekord k\u00fclas Orissaare G\u00fcmnaasiumis. <\/strong><\/p>\n\n\n\n<p>Ootame osalema nii p\u00f5hikooli kui ka g\u00fcmnaasiumi \u00f5petajaid. T\u00f6\u00f6 toimub valdavalt (aga mitte kogu aeg) kahes r\u00fchmas.<\/p>\n\n\n\n<p>Suvelaagris me teeme asju l\u00e4bi, st n\u00e4itame ja kogeme \u00f5ppemeetodeid mis on end praktikas piisavalt t\u00f5estanud, et neid tasuks ka kolleegidele n\u00e4idata.<\/p>\n\n\n\n<p>P\u00f5hikooli \u00f5ppekavast v\u00f5tame ette 9.klassi. G\u00fcmnaasiumi \u00f5ppekavast v\u00f5tame ette mehaanika ning mikro- ja megamaailma f\u00fc\u00fcsika kursuste teemad. Lisaks seminarid ajakohastel (vahel ka igavikulistel) \u00f5petamist ja metoodikaid puudutavatel teemadel.<\/p>\n\n\n\n<p>Koolituse tulemusena on \u00f5petajad<\/p>\n\n\n\n<ul class=\"wp-block-list\">\n<li>v\u00e4rskendanud ja t\u00e4iendanud oma f\u00fc\u00fcsikateadmisi;<\/li>\n\n\n\n<li>tutvunud selle olulisemate teemade \u00f5petamiseks kasutatavate metoodikate ja praktiliste t\u00f6\u00f6de\/tegevustega, samuti l\u00f5imingukohtadega teiste loodusainete kursustega;<\/li>\n\n\n\n<li>koostanud v\u00f5i parandanud ja t\u00e4iendanud oma&nbsp;t\u00f6\u00f6riistakasti, mille toel edukalt f\u00fc\u00fcsikat \u00f5petada \u00f5petada;<\/li>\n\n\n\n<li>pannud tallele tubli jao energiat ja \u00f5latunnet, nii p\u00e4evastest tegevustest kui ka sellest, mis toimus \u00f5htuti.<\/li>\n<\/ul>\n\n\n\n<p>Koolitajad: Ingrid R\u00f5igas, Rauno Neito, Reivo Maasik, Erkki Soika, Erkki Tempel, Jaan Paaver, Kaido Reivelt (nimekiri on muutumises).<\/p>\n\n\n\n<p>Suvelaagri osalemistasu: 100 EUR. Hind sisaldab toitlustust ja majutust Orissaare G\u00fcmnaasiumi \u00f5pilaskodus.<\/p>\n\n\n\n<p>Palun anna oma huvist ja osalemissoovist teada, t\u00e4ites <a href=\"https:\/\/docs.google.com\/forms\/d\/e\/1FAIpQLSeas-fBSNRUEsJTv29L0qnue5O6NEidvHfzEDZUpcTJsiuo2w\/viewform?usp=sharing&amp;ouid=114739494152520460702\">registreerimisvormi<\/a>.<\/p>\n\n\n\n<p>Suvelaagri KAVA on koostamisel.<\/p>\n\n\n\n<p>Suvelaagri programmin\u00f5ukogu:<\/p>\n\n\n\n<p>Kaido Reivelt (pealik, T\u00dc, EFS, 5143349, kaido@fyysika.ee)<br>Reivo Maasik (Tallinna Reaalkool)<br>Erkki Tempel (P\u00e4rnu S\u00fctevaka Humanitaarg\u00fcmnaasium)<\/p>\n","protected":false},"excerpt":{"rendered":"<p>F\u00fc\u00fcsika\u00f5petajate suvelaager on intensiivkursus, kus alustavad v\u00f5i ennast t\u00e4iendada soovivad \u00f5petajad saavad v\u00e4rskendada ja t\u00e4iendada oma f\u00fc\u00fcsikateadmisi ning kogeda ja tallele panna f\u00fc\u00fcsikatundides kasutatavaid praktilisi nippe ja \u00f5ppemeetodeid. Erilise t\u00e4helepanu all on eksperimendid, nii demo- kui ka \u00f5pilaste laual. 2026. aasta suvelaager toimub 25.-28. juunil. Oleme ka seekord k\u00fclas Orissaare G\u00fcmnaasiumis. Ootame osalema nii p\u00f5hikooli [&hellip;]<\/p>\n","protected":false},"author":1,"featured_media":0,"parent":0,"menu_order":0,"comment_status":"closed","ping_status":"closed","template":"","meta":{"_genesis_hide_title":false,"_genesis_hide_breadcrumbs":false,"_genesis_hide_singular_image":false,"_genesis_hide_footer_widgets":false,"_genesis_custom_body_class":"","_genesis_custom_post_class":"","_genesis_layout":"","footnotes":""},"class_list":{"0":"post-719789","1":"page","2":"type-page","3":"status-publish","5":"entry"},"_links":{"self":[{"href":"https:\/\/www.fyysika.ee\/index.php?rest_route=\/wp\/v2\/pages\/719789","targetHints":{"allow":["GET"]}}],"collection":[{"href":"https:\/\/www.fyysika.ee\/index.php?rest_route=\/wp\/v2\/pages"}],"about":[{"href":"https:\/\/www.fyysika.ee\/index.php?rest_route=\/wp\/v2\/types\/page"}],"author":[{"embeddable":true,"href":"https:\/\/www.fyysika.ee\/index.php?rest_route=\/wp\/v2\/users\/1"}],"replies":[{"embeddable":true,"href":"https:\/\/www.fyysika.ee\/index.php?rest_route=%2Fwp%2Fv2%2Fcomments&post=719789"}],"version-history":[{"count":2,"href":"https:\/\/www.fyysika.ee\/index.php?rest_route=\/wp\/v2\/pages\/719789\/revisions"}],"predecessor-version":[{"id":719791,"href":"https:\/\/www.fyysika.ee\/index.php?rest_route=\/wp\/v2\/pages\/719789\/revisions\/719791"}],"wp:attachment":[{"href":"https:\/\/www.fyysika.ee\/index.php?rest_route=%2Fwp%2Fv2%2Fmedia&parent=719789"}],"curies":[{"name":"wp","href":"https:\/\/api.w.org\/{rel}","templated":true}]}}