{"id":2452,"date":"2024-05-01T08:23:34","date_gmt":"2024-05-01T05:23:34","guid":{"rendered":"https:\/\/www.fyysika.ee\/vorgustik\/?page_id=2452"},"modified":"2024-09-18T22:15:12","modified_gmt":"2024-09-18T19:15:12","slug":"fuusikaopetajate-suvekool-2024","status":"publish","type":"page","link":"https:\/\/www.fyysika.ee\/vorgustik\/?page_id=2452","title":{"rendered":"F\u00fc\u00fcsika\u00f5petajate suvekool 2024"},"content":{"rendered":"<p>Suvekool toimus 12.-13. augustil\u00a0\u00a0Ida-Virumaal, <a href=\"https:\/\/kauksirand.ee\/et\">Kauksi puhkek\u00fclas.<\/a><\/p>\n<h3><strong>Esimene p\u00e4ev (12.08)<\/strong><\/h3>\n<p><strong>10:00\u201310:30<\/strong> Saabumine<br \/>\n<strong>10:30\u201311:30<\/strong> Sissejuhatav loeng: Elektriv\u00f5rgud ja energiaturg<br \/>\n(Rasmus Armas, Elektrilevi)<br \/>\n<a href=\"https:\/\/drive.google.com\/file\/d\/1H2s9u92q2TVDLNsBRHlD7aOUzRM8eRlZ\/view?usp=sharing\">Esitlus elektris\u00fcsteemist<\/a><br \/>\n<strong>12:00\u201318:00<\/strong> V\u00e4ljas\u00f5it Eesti ja Auvere elektrijaama ning Narva tuuleparki (l\u00f5una samuti seal)<br \/>\n<strong>19:00<\/strong> \u00d5htus\u00f6\u00f6k, taevavaatlused, uudisteose \u201cSuvekooli lauluraamat 2024\u201d esmaesitlus<\/p>\n<h3><strong>Teine p\u00e4ev (13.08)<\/strong><\/h3>\n<p><strong>9:00<\/strong> Hommikus\u00f6\u00f6k<br \/>\n<span style=\"color: #999999; text-decoration-line: line-through;\">GScan, m\u00fc\u00fconid, Paldiskis tehtu tulemus (Madis Kiisk ,T\u00dc)<\/span><br \/>\nM\u00f5juval p\u00f5hjusel edasi l\u00fckatud j\u00e4rgmise kokkuusaamiseni<strong><br \/>\n10:00\u201311:00<br \/>\n<\/strong>&#8211; F\u00fc\u00fcsika\u00f5petajate suvelaager Orissaares (Kaido Reivelt, T\u00dc)<br \/>\n&#8211; Bulgaarias toimunud tuumaf\u00fc\u00fcsika <em>workshop<\/em> (Aili Kruusaauk, J\u00f5gevamaa G\u00fcmnaasium)<br \/>\n<a href=\"https:\/\/docs.google.com\/presentation\/d\/105zgw3U4vsrwkYcq3DKgGBRkzNgbCI16\/edit?usp=sharing&amp;ouid=100282683364355523547&amp;rtpof=true&amp;sd=true\">Esitus Sofia <em>workshopist<\/em><\/a> , <a href=\"http:\/\/www.fyysika.ee\/vorgustik\/wp-content\/uploads\/2024\/09\/RER0049-Sofia-Report.pdf\">RER0049 Sofia Report<\/a><br \/>\n-CERNi suvekool (Kalmer Piiskop, MT\u00dc Edu Valem)<br \/>\n<strong>11:00-11:30<\/strong> Ida-Viru Eesti rohep\u00f6\u00f6rde eestvedaja (Hardi Murula, IVOL projektiekspert)<br \/>\n<strong>12:15\u201313:00<\/strong> T\u00f6\u00f6toad I<\/p>\n<ul>\n<li>Leekreaktsioonid ja kiirgumisspektrid (J\u00f6rgen Metsik, Miina H\u00e4rma G\u00fcmnaasium)<br \/>\n<a href=\"http:\/\/www.fyysika.ee\/vorgustik\/wp-content\/uploads\/2024\/09\/Leekreaktsioonide-ja-kiirgusspektrite-tooleht.pdf\">Leekreaktsioonide ja kiirgusspektrite t\u00f6\u00f6leht<\/a><\/li>\n<li>STEAM \u00f5ues\u00f5ppes &#8211; v\u00f5imalused ja v\u00e4ljakutsed (<span style=\"font-size: 1rem;\">Laura Herm, Huvi Outdoor)<br \/>\n<a href=\"http:\/\/www.fyysika.ee\/vorgustik\/wp-content\/uploads\/2024\/09\/Tuuliku-labade-disainikonkurss_HuviOutdoor.pdf\">Tuuliku labade disainikonkurss<\/a><br \/>\n<\/span><\/li>\n<li>Kvantp\u00f5imitus ja tontlik kaugm\u00f5ju.\u00a0 P\u00f6\u00f6ratud t\u00f6\u00f6tuba eelregistreerimisega<br \/>\n(Jaan Paaver, Hugo Treffneri G\u00fcmnaasium)<br \/>\n<a href=\"http:\/\/www.fyysika.ee\/vorgustik\/wp-content\/uploads\/2024\/08\/Toovihik.pdf\">T\u00f6\u00f6toas osalenute t\u00f6\u00f6vihik.<\/a><br \/>\n<a href=\"https:\/\/www.fyysika.ee\/vorgustik\/?page_id=2547\">Kokkuv\u00f5te grillimaja aruteludest.<\/a><\/li>\n<li>Erinevate kehade inertsimomendi m\u00e4\u00e4ramine.\u00a0 P\u00f6\u00f6rdliikumise d\u00fcnaamika: j\u00f5umoment, nurkkiirus ja nurkkiirendus, Newton II seadus p\u00f6\u00f6rlemise jaoks, graafikud (Sergei Pavlov, Kohtla-J\u00e4rve G\u00fcmnaasium)<br \/>\n<a href=\"http:\/\/www.fyysika.ee\/vorgustik\/wp-content\/uploads\/2024\/09\/Inertsimomendi-maaramine.pdf\">Inertsimomendi m\u00e4\u00e4ramine<\/a><\/li>\n<li>Kaks harjutust superkondensaatoritega ehk kuidas lihtsates vooluringides laenguid \u00fchte kohta kokku koondada, kui palju neid saab ning mida toredat nendega hiljem peale v\u00f5iks hakata<br \/>\n(Kaido Reivelt ja Rauno Neito, T\u00dc)<\/li>\n<\/ul>\n<p><strong>13:15\u201314:00<\/strong> T\u00f6\u00f6toad II<br \/>\n<strong>14:00<\/strong> L\u00f5una ja kojus\u00f5it<\/p>\n<p><a href=\"https:\/\/photos.app.goo.gl\/iQHogHTETvmqzM177\">Lihtsalt meenutuspilte<\/a> sest ilusast augustist ja p\u00f5nevast suvekoolist.<\/p>\n","protected":false},"excerpt":{"rendered":"<p>Suvekool toimus 12.-13. augustil\u00a0\u00a0Ida-Virumaal, Kauksi puhkek\u00fclas. Esimene p\u00e4ev (12.08) 10:00\u201310:30 Saabumine 10:30\u201311:30 Sissejuhatav loeng: Elektriv\u00f5rgud ja energiaturg (Rasmus Armas, Elektrilevi) Esitlus elektris\u00fcsteemist 12:00\u201318:00 V\u00e4ljas\u00f5it Eesti ja Auvere elektrijaama ning Narva tuuleparki (l\u00f5una samuti seal) 19:00 \u00d5htus\u00f6\u00f6k, taevavaatlused, uudisteose \u201cSuvekooli lauluraamat 2024\u201d esmaesitlus Teine p\u00e4ev (13.08) 9:00 Hommikus\u00f6\u00f6k GScan, m\u00fc\u00fconid, Paldiskis tehtu tulemus (Madis Kiisk ,T\u00dc) &hellip; <\/p>\n<p class=\"link-more\"><a href=\"https:\/\/www.fyysika.ee\/vorgustik\/?page_id=2452\" class=\"more-link\">Loe edasi<span class=\"screen-reader-text\"> &#8220;F\u00fc\u00fcsika\u00f5petajate suvekool 2024&#8221;<\/span><\/a><\/p>\n","protected":false},"author":2,"featured_media":0,"parent":0,"menu_order":0,"comment_status":"closed","ping_status":"closed","template":"","meta":[],"_links":{"self":[{"href":"https:\/\/www.fyysika.ee\/vorgustik\/index.php?rest_route=\/wp\/v2\/pages\/2452"}],"collection":[{"href":"https:\/\/www.fyysika.ee\/vorgustik\/index.php?rest_route=\/wp\/v2\/pages"}],"about":[{"href":"https:\/\/www.fyysika.ee\/vorgustik\/index.php?rest_route=\/wp\/v2\/types\/page"}],"author":[{"embeddable":true,"href":"https:\/\/www.fyysika.ee\/vorgustik\/index.php?rest_route=\/wp\/v2\/users\/2"}],"replies":[{"embeddable":true,"href":"https:\/\/www.fyysika.ee\/vorgustik\/index.php?rest_route=%2Fwp%2Fv2%2Fcomments&post=2452"}],"version-history":[{"count":37,"href":"https:\/\/www.fyysika.ee\/vorgustik\/index.php?rest_route=\/wp\/v2\/pages\/2452\/revisions"}],"predecessor-version":[{"id":2562,"href":"https:\/\/www.fyysika.ee\/vorgustik\/index.php?rest_route=\/wp\/v2\/pages\/2452\/revisions\/2562"}],"wp:attachment":[{"href":"https:\/\/www.fyysika.ee\/vorgustik\/index.php?rest_route=%2Fwp%2Fv2%2Fmedia&parent=2452"}],"curies":[{"name":"wp","href":"https:\/\/api.w.org\/{rel}","templated":true}]}}